{"id":21,"date":"2021-06-14T15:17:05","date_gmt":"2021-06-14T13:17:05","guid":{"rendered":"http:\/\/192.168.166.254\/ns\/?page_id=21"},"modified":"2026-04-28T10:45:16","modified_gmt":"2026-04-28T08:45:16","slug":"a-proposito-di-noi","status":"publish","type":"page","link":"https:\/\/pulizieuffici.biz\/","title":{"rendered":""},"content":{"rendered":"\r\n<section class=\"pegaso-hero\" aria-labelledby=\"pegaso-hero-title\">\r\n  <div class=\"pegaso-hero__media\" aria-hidden=\"true\"><\/div>\r\n  <div class=\"pegaso-hero__content\">\r\n    <p class=\"pegaso-kicker\">Pulizie civili e industriali dal 1997<\/p>\r\n    <h1 id=\"pegaso-hero-title\">Pegaso S.R.L<\/h1>\r\n    <p>Servizi professionali di pulizia, sanificazione, guardiania e gestione ambientale per aziende, uffici e spazi condivisi.<\/p>\r\n    <div class=\"pegaso-hero__actions\" aria-label=\"Azioni principali\">\r\n      <a class=\"pegaso-button pegaso-button--primary\" href=\"index.php\/preventivo\/modulopreventivo\">Richiedi un preventivo<\/a>\r\n      <a class=\"pegaso-button pegaso-button--ghost\" href=\"#contatti\">Contatti<\/a>\r\n    <\/div>\r\n  <\/div>\r\n<\/section>\r\n\r\n\r\n<h1 class=\"entry-title\">NEWS<\/h1>\r\n<div class=\"custom-carousel\">\r\n  <div class=\"carousel-track\">\r\n\r\n    <a href=\"index.php\/congedi-parentali-2025-2026\/\" class=\"carousel-card\">\r\n      <img decoding=\"async\" src=\"https:\/\/pulizieuffici.biz\/img\/congedi.png\" alt=\"\">\r\n      <div class=\"card-content\">\r\n        <h3>CONGEDI PARENTALI<\/h3>\r\n        <p>Novit\u00e0 sui congedi parentali 2025-2026: aumento dell\u2019indennit\u00e0 all\u201980% per tre mesi, estensione fino ai 14 anni dal 2026 e nuove tutele per malattia del figlio, disabilit\u00e0 e familiari fragili. Scopri cosa cambia e come presentare domanda.<\/p>\r\n      <\/div>\r\n    <\/a>\r\n\r\n    <a href=\"PW\/benessere\/pegaso_benessere.php\" target=\"_blank\" rel=\"noopener noreferrer\" class=\"carousel-card\">\r\n  <img decoding=\"async\" src=\"https:\/\/pulizieuffici.biz\/PW\/images\/volantino\/sfondo.png\" alt=\"Benessere in azienda - formazione per genitorialit\u00e0 e caregiver\">\r\n  <div class=\"card-content\">\r\n    <h3>News<\/h3>\r\n    <p>Benessere in azienda<\/p>\r\n    <h2>Corso di formazione per genitorialit\u00e0 e caregiver<\/h2>\r\n    <h3>Prossima data 17 Aprile 2026<\/h3>\r\n  <\/div>\r\n<\/a>\r\n\r\n\r\n    <a href=\"index.php\/voucher-asilo-nido\/\" class=\"carousel-card\">\r\n      <img decoding=\"async\" src=\"https:\/\/pulizieuffici.biz\/img\/nido.jpg\" alt=\"\">\r\n      <div class=\"card-content\">\r\n        <h3>Assegnazione voucher asilo nido<\/h3>\r\n        <p>Modulo per richiesta voucher per famiglie che usufruiscono di offerta educativa 3-36 mesi<\/p>\r\n      <\/div>\r\n    <\/a>\r\n    <a href=\"index.php\/centro-estivo\/\" class=\"carousel-card\">\r\n      <img decoding=\"async\" src=\"https:\/\/pulizieuffici.biz\/img\/centroestivo.jpg\" alt=\"\">\r\n      <div class=\"card-content\">\r\n        <h3>Contributo centro estivo<\/h3>\r\n        <p>Modulo per richiesta di contributo a sostegno della frequenza al centro estivo<\/p>\r\n      <\/div>\r\n    <\/a>\r\n\r\n  <\/div>\r\n<\/div>\r\n\r\n\r\n\r\n\r\n\r\n\r\n\r\n\r\n\r\n\r\n\r\n\r\n<h1 class=\"entry-title\">A PROPOSITO DI NOI&#8230;<\/h1>\r\n\r\n\r\n<div class=\"wp-block-group mycontainer ombra\"><div class=\"wp-block-group__inner-container is-layout-flow wp-block-group-is-layout-flow\">\r\n<h2 class=\"wp-block-heading\">L&#8217;Azienda<\/h2>\r\n <script type=\"text\/javascript\">\r\nvar _iub = _iub || [];\r\n_iub.csConfiguration = {\"askConsentAtCookiePolicyUpdate\":true,\"cookiePolicyInOtherWindow\":true,\"floatingPreferencesButtonDisplay\":\"bottom-right\",\"perPurposeConsent\":true,\"siteId\":3420319,\"whitelabel\":false,\"cookiePolicyId\":23921463,\"lang\":\"it\", \"banner\":{ \"acceptButtonDisplay\":true,\"closeButtonRejects\":true,\"customizeButtonDisplay\":true,\"explicitWithdrawal\":true,\"listPurposes\":true,\"position\":\"float-top-center\",\"showTitle\":false }};\r\n<\/script> <script type=\"text\/javascript\" src=\"https:\/\/cs.iubenda.com\/autoblocking\/3420319.js\"><\/script> <script type=\"text\/javascript\" src=\"\/\/cdn.iubenda.com\/cs\/iubenda_cs.js\" charset=\"UTF-8\" async><\/script> \r\n<div class=\"wp-block-image\">\r\n<figure class=\"alignleft size-large is-resized\"><img loading=\"lazy\" decoding=\"async\" src=\"https:\/\/pulizieuffici.biz\/img\/pulizia2.jpg\" alt=\"\" width=\"507\" height=\"317\" \/>\r\n<figcaption>L&#8217;amore in quello che facciamo<\/figcaption>\r\n<\/figure>\r\n<\/div>\r\n\r\n\r\n\r\n<div class=\"wp-block-group\"><div class=\"wp-block-group__inner-container is-layout-flow wp-block-group-is-layout-flow\">\r\n<div class=\"wp-block-group\"><div class=\"wp-block-group__inner-container is-layout-flow wp-block-group-is-layout-flow\">\r\n<p>Pegaso nasce nel 1997 da un&#8217;esperienza decennale dei soci nell&#8217;organizzare lavori di pulizia. Da allora ci siamo sempre distinti per la qualit\u00e0, la professionalit\u00e0 e l&#8217;impegno dedicato al servizio del cliente.<\/p>\r\n\r\n\r\n\r\n<div class=\"wp-block-group\"><div class=\"wp-block-group__inner-container is-layout-flow wp-block-group-is-layout-flow\">\r\n<h2 class=\"wp-block-heading\">I Servizi<\/h2>\r\n<\/div><\/div>\r\n<\/div><\/div>\r\n\r\n\r\n\r\n<div class=\"wp-block-group\"><div class=\"wp-block-group__inner-container is-layout-flow wp-block-group-is-layout-flow\">\r\n<p>La Pegaso \u00e8 specializzata in forniture di\u00a0<strong>servizi di pulizia ambientali<\/strong>\u00a0sia civili che industriali,\u00a0<strong>guardiania,<\/strong>\u00a0<strong>portierato<\/strong>,\u00a0<strong>smistamento,<\/strong>\u00a0<strong>Lavaggio sedie da ufficio,\u00a0lavaggio moquette<\/strong>,\u00a0<strong>magazzinaggio,\u00a0disinfestazione,\u00a0gestione del Verde,\u00a0lavaggio vetrate in quota,\u00a0Sanificazione, disinfezione, disinfestazione e pest-Control<\/strong><\/p>\r\n<\/div><\/div>\r\n\r\n\r\n\r\n<div class=\"wp-block-group\"><div class=\"wp-block-group__inner-container is-layout-flow wp-block-group-is-layout-flow\">\r\n<h2 class=\"wp-block-heading\">L&#8217;Organizzazione Aziendale<\/h2>\r\n<\/div><\/div>\r\n\r\n\r\n\r\n<p>Disponiamo di un organizzazione decentrata stabilmente in zona che ci consente di assicurare, ai nostri clienti, una presenza operativa snella e rapida. Questa moderna struttura aziendale creata e messa a punto sulla base di anni di esperienza e di studi, fa s\u00ec che venga soddisfatta ogni esigenza dei nostri clienti in tempi rapidissimi.<\/p>\r\n\r\n\r\n\r\n<h2 class=\"wp-block-heading\">L&#8217;Organico<\/h2>\r\n\r\n\r\n\r\n<p>E&#8217; composto da personale regolarmente assunto, strutturato su livelli a seconda dell&#8217;esperienza e della professionalit\u00e0.<\/p>\r\n\r\n\r\n\r\n<h2 class=\"wp-block-heading\">I Prodotti utilizzati e la Sicurezza<\/h2>\r\n\r\n\r\n\r\n<p>Utilizziamo solo materiali e attrezzature conformi alle normative CEE. I detergenti sono tutti biodegradabili\u00a0<strong>oltre il 90%<\/strong>\u00a0e disponiamo di tutta una gamma\u00a0<strong>eco-compatibile<\/strong>. Come l&#8217;eco-sostenibilit\u00e0, la sicurezza sul lavoro \u00e8 una nostra priorit\u00e0, \u00e8 per questo che da sempre siamo in linea con le normative in materia di sicurezza. I nostri dipendenti vengono sottoposti a visite mediche periodiche di controllo oltre a svolgere corsi di aggiornamento e specializzazione su sicurezza e utilizzo corretto di attrezzature e prodotti chimici.<\/p>\r\n\r\n\r\n\r\n<h2 class=\"wp-block-heading\">La Progettazione dell&#8217;offerta<\/h2>\r\n\r\n\r\n\r\n<p>Dopo aver ascoltato e formulato le esigenza del cliente, effettuiamo un sopralluogo tecnico attraverso il quale elaboriamo il piano di lavoro. Verificata l&#8217;adeguatezza del piano viene predisposta l&#8217;offerta in virt\u00f9 dell&#8217;effettiva esigenze richieste, consentendo cos\u00ec una razionalizzazione dei costi.<\/p>\r\n\r\n\r\n\r\n<h2 class=\"wp-block-heading\">Area di competenza.<\/h2>\r\n\r\n\r\n\r\n<p>Da Como a Lodi, passando da Novara a Bergamo. Questa \u00e8 la nostra area principale di intervento.<\/p>\r\n\r\n\r\n\r\n<figure class=\"wp-block-image size-large\"><img loading=\"lazy\" decoding=\"async\" width=\"1024\" height=\"653\" class=\"wp-image-811\" src=\"https:\/\/pulizieuffici.biz\/wp-content\/uploads\/2021\/09\/cartinaPopolarita-Pegaso-1024x653.png\" alt=\"\" srcset=\"https:\/\/pulizieuffici.biz\/wp-content\/uploads\/2021\/09\/cartinaPopolarita-Pegaso-1024x653.png 1024w, https:\/\/pulizieuffici.biz\/wp-content\/uploads\/2021\/09\/cartinaPopolarita-Pegaso-300x191.png 300w, https:\/\/pulizieuffici.biz\/wp-content\/uploads\/2021\/09\/cartinaPopolarita-Pegaso-768x490.png 768w, https:\/\/pulizieuffici.biz\/wp-content\/uploads\/2021\/09\/cartinaPopolarita-Pegaso-1536x980.png 1536w, https:\/\/pulizieuffici.biz\/wp-content\/uploads\/2021\/09\/cartinaPopolarita-Pegaso.png 1920w\" sizes=\"auto, (max-width: 1024px) 100vw, 1024px\" \/><\/figure>\r\n\r\n\r\n\r\n<h2 class=\"wp-block-heading\">Il Nostro Trend di crescita<\/h2>\r\n\r\n\r\n\r\n<p>non deleghiamo il lavoro&#8230;.la nostra crescita di fatturato \u00e8 direttamente proporzionale al numero di operatori presenti in organico, il nostro compito \u00e8 quello semmai di gestire e ottimizzare le risorse di cui disponiamo, migliorando e pianificando gli interventi in modo da avere una maggior copertura con un minor costo.<\/p>\r\n\r\n\r\n\r\n<div class=\"wp-block-image\">\r\n<figure class=\"aligncenter size-large is-resized\"><img loading=\"lazy\" decoding=\"async\" class=\"wp-image-809\" src=\"https:\/\/pulizieuffici.biz\/wp-content\/uploads\/2021\/09\/andamento-Aziendale-2010-2021-1024x650.png\" alt=\"\" width=\"755\" height=\"476\" \/><\/figure>\r\n<\/div>\r\n<\/div><\/div>\r\n<\/div><\/div>\r\n\r\n\r\n\r\n<div class=\"wp-block-group\"><div class=\"wp-block-group__inner-container is-layout-flow wp-block-group-is-layout-flow\">\r\n<div class=\"wp-block-group ombra mycontainer\"><div class=\"wp-block-group__inner-container is-layout-flow wp-block-group-is-layout-flow\">\r\n<h1 class=\"has-text-align-center wp-block-heading\">FACCIAMO UN PO&#8217; DI CHIAREZZA<\/h1>\r\n\r\n\r\n\r\n<div class=\"wp-block-group\"><div class=\"wp-block-group__inner-container is-layout-flow wp-block-group-is-layout-flow\">\r\n<div class=\"wp-block-columns is-style-twentytwentyone-columns-overlap is-layout-flex wp-container-core-columns-is-layout-9d6595d7 wp-block-columns-is-layout-flex\">\r\n<div class=\"wp-block-column is-vertically-aligned-top is-layout-flow wp-block-column-is-layout-flow\">\r\n<div class=\"wp-block-columns is-style-twentytwentyone-columns-overlap is-layout-flex wp-container-core-columns-is-layout-9d6595d7 wp-block-columns-is-layout-flex\">\r\n<div class=\"wp-block-column is-vertically-aligned-top is-layout-flow wp-block-column-is-layout-flow\">\r\n<p><strong>Il Decreto Ministeriale 274\/97<\/strong>\u00a0li definisce in questo modo:<\/p>\r\n\r\n\r\n\r\n<ul>\r\n<li><strong>Pulizia:<\/strong>\u00a0si intendono tutte quelle operazioni finalizzate a rimuovere polvere, sporcizia e corpi estranei da superfici, oggetti e ambienti.<\/li>\r\n<li><strong>Disinfezione:\u00a0<\/strong>fa riferimento all\u2019insieme dei procedimenti utili a distruggere o inattivare i microrganismi patogeni.<\/li>\r\n<li><strong>Disinfestazione:<\/strong>\u00a0indica le operazioni volte a distruggere piccoli animali, in particolare artropodi, perch\u00e9 parassiti o vettori di agenti infettivi, e specie vegetali non desiderate.<\/li>\r\n<li><strong>Derattizzazione:<\/strong>\u00a0indica gli interventi atti a eliminare o ridurre il numero di ratti e topi.<\/li>\r\n<li><strong>Sanificazione:<\/strong>\u00a0include tutti quei comportamenti\u00a0utili a rendere un ambiente sano mediante la pulizia e la disinfezione, ma anche attraverso procedure come la disinfestazione e il miglioramento delle condizioni del microclima (quindi temperatura, ventilazione, umidit\u00e0, ecc.): si tratta del concetto pi\u00f9 ampio, dunque, in quanto \u201cingloba\u201d ogni azione necessaria a garantire la salubrit\u00e0 degli spazi.<\/li>\r\n<\/ul>\r\n\r\n\r\n\r\n<figure class=\"wp-block-image size-large\"><img decoding=\"async\" src=\"https:\/\/pulizieuffici.biz\/img\/batteri.jpg\" alt=\"\" \/><\/figure>\r\n<\/div>\r\n\r\n\r\n\r\n<div class=\"wp-block-column is-layout-flow wp-block-column-is-layout-flow\">\r\n<div class=\"wp-block-image\">\r\n<figure class=\"aligncenter size-large\"><img decoding=\"async\" src=\"https:\/\/pulizieuffici.biz\/img\/unnamed.png\" alt=\"\" \/><\/figure>\r\n<\/div>\r\n\r\n\r\n\r\n<div class=\"wp-block-spacer\" style=\"height: 336px;\" aria-hidden=\"true\">\u00a0<\/div>\r\n\r\n\r\n\r\n<h3>Pulizia e Disinfezione<\/h3>\r\n\r\n\r\n\r\n<div class=\"wp-block-group\"><div class=\"wp-block-group__inner-container is-layout-flow wp-block-group-is-layout-flow\">\r\n<p>Cerchiamo di capire quali sono le differenze tra le due operazioni, gli strumenti adatti e le attrezzature necessarie per effettuarle,<\/p>\r\n<span style=\"font-size: 14pt;\">DETERGENTI:<\/span> L&#8217;articolo 2.1 del regolamento (CE) n.648\/2004,<span style=\"font-size: 12pt;\">Si definiscono tali: qualsiasi sostanza o miscela contenente saponi e\/o altri tensioattivi. Queste sostanze sono destinate all&#8217;attivit\u00e0 di pulizia<\/span>.\u00a0Lo scopo dei\u00a0detergenti \u00e8 quello di\u00a0agire\u00a0fisicamente o meccanicamente per rimuovere i depositi indesiderati (sporco visibile), <strong>esercitando una mera azione meccanica<\/strong>.<span style=\"font-size: 14pt;\"><br \/>DISINFETTANTI:<\/span> L&#8217;articolo 3 del Regolamento (UE) n. 528\/2012,\r\n<p>&nbsp;<\/p>\r\n<span style=\"font-size: 12pt;\">Si definiscono tali: qualsiasi sostanza o miscela capace di generare uno o pi\u00f9 principi attivi <span style=\"font-size: 10pt;\">allo scopo di distruggere, eliminare e rendere innocuo, impedirnee l\u2019azione o esercitare altro effetto di controllo su qualsiasi organismo nocivo, <strong>con qualsiasi mezzo diverso dalla mera azione fisica o meccanica.<\/strong><\/span><\/span>Tutto questo \u00e8 stato tratto dalla\u00a0<a href=\"http:\/\/www.trovanorme.salute.gov.it\/norme\/renderNormsanPdf?anno=2019&amp;codLeg=68070&amp;parte=1%20&amp;serie=null\"><strong>nota del 20 febbraio 2019<\/strong><\/a>\u00a0del\u00a0<strong>Ministero della Salute\u00a0<\/strong>La\u00a0<span style=\"font-size: 14pt;\"><strong>pulizia<\/strong><\/span>, dunque, \u00e8 un passaggio preliminare, che consente di rimuovere\u00a0<span style=\"font-size: 12pt;\"><strong>lo sporco \u201cvisibile\u201d<\/strong><\/span>\u00a0<span style=\"font-size: 12pt;\"><strong>utilizzando l&#8217;azione<\/strong><\/span> <span style=\"font-size: 14pt;\"><strong>meccanica<\/strong><\/span>\u00a0da vari tipi di superficie: per soddisfare le necessit\u00e0 presenti in questa fase, baster\u00e0 usare un\u00a0<strong>detergente<\/strong>.<br \/>la <span style=\"font-size: 14pt;\"><strong>disinfezione<\/strong><\/span>\u00a0invece\u00a0\u00e8 un passaggio secondario allo scopo di\u00a0<span style=\"font-size: 12pt;\"><strong>eliminare i microrganismi potenzialmente nocivi<\/strong><\/span>, tramite la disgregazione o l&#8217;inattivazione.\u00a0<span style=\"font-size: 14pt;\"><strong><span style=\"font-size: 12pt;\">senza usare l&#8217;azione<\/span> meccanica<\/strong><\/span>.<span style=\"font-size: 14pt;\"><span style=\"font-size: 14pt;\"><br \/><\/span><\/span>\r\n<h1 style=\"text-align: center;\"><span style=\"font-size: 14pt;\">Quanto \u00e8\u00a0&#8220;infetto&#8221;<\/span><\/h1>\r\n<p>Uno studio dell&#8217;Universit\u00e0 di Surrey ha evidenziato che negli interstizi di uno smartphone sono stati scovati\u00a0miliardi di ceppi batterici per lo pi\u00f9 innocui, ma \u00e8 stata evidenziata anche la presenza di <strong>staphylococcus aureus<\/strong>, un batterio normalmente presente nelle narici dell&#8217;uomo e in grado di causare infezioni sulla pelle. Lo\u00a0smatphone \u00e8 &#8220;personale&#8221; ma il telefono dell&#8217;ufficio, la tastiera del computer, l&#8217;interruttore della luce?<\/p>\r\n<\/div><\/div>\r\n<\/div>\r\n<\/div>\r\n\r\n\r\n\r\n<h1 style=\"text-align: center;\"><span style=\"font-size: 14pt;\">Ogni quanto sanificare<\/span><\/h1>\r\n\r\n\r\n\r\n<div class=\"wp-block-columns is-style-twentytwentyone-columns-overlap is-layout-flex wp-container-core-columns-is-layout-9d6595d7 wp-block-columns-is-layout-flex\">\r\n<div class=\"wp-block-column is-layout-flow wp-block-column-is-layout-flow\">\r\n<ul>\r\n<li>ha soggiornato nell&#8217;ambiente un soggetto positivo al Covid-19 o ad altre patologie infettive?<\/li>\r\n<li>quale \u00e8 la frequenza con la quale vengono effettuate le pulizie degli ambienti?<\/li>\r\n<li>quante persone\u00a0frequentano e soggiornano nell&#8217;ambiente?<\/li>\r\n<\/ul>\r\n<p>Dove sono presenti soggetti infetti \u00e8 fondamentale attivare immediatamente procedure di sanificazione frequenti e adeguate, al fine di abbattere la carica microbica. La prevenzione \u00e8 altrettanto fondamentale, soprattutto per la reale e potenziale presenza di persone asintomatiche.<\/p>\r\n<p>La pulizia degli ambiente deve essere svolta frequentemente, soprattutto nei locali pi\u00f9 sensibili quali servizi igienici e spogliatoi, mense, sale riunioni e sale break, applicando al termine della normale pulizia una\u00a0corretta\u00a0disinfezione questo impedir\u00e0 al virus di trovare un ambiente favorevole.<\/p>\r\n<p>Dopo questa pandemia\u00a0comprendiamo\u00a0ancora di pi\u00f9 quanto la Sanificazione ambientale sia fondamentale per rendere gli ambienti salubri\u00a0e\u00a0non si pu\u00f2\u00a0pi\u00f9 considerare come una attivit\u00e0 di carattere straordinario, ma integrata in un normale contratto\u00a0ordinario con frequenza periodica programmata.<\/p>\r\n<\/div>\r\n<\/div>\r\n<\/div>\r\n<\/div>\r\n<\/div><\/div>\r\n<\/div><\/div>\r\n<\/div><\/div>\r\n\r\n\r\n\r\n<div class=\"wp-block-columns is-style-twentytwentyone-columns-overlap is-layout-flex wp-container-core-columns-is-layout-9d6595d7 wp-block-columns-is-layout-flex\">\r\n<div class=\"wp-block-column is-vertically-aligned-top is-layout-flow wp-block-column-is-layout-flow\" style=\"flex-basis: 100%;\">\r\n<div id=\"contatti\" class=\"wp-block-columns are-vertically-aligned-top is-style-default mycontainer ombra is-layout-flex wp-container-core-columns-is-layout-9d6595d7 wp-block-columns-is-layout-flex\">\r\n<div class=\"wp-block-column is-vertically-aligned-top is-layout-flow wp-block-column-is-layout-flow\">\r\n<p class=\"has-text-align-left\">C.F. \/ P.IVA 12269440157<br \/><br \/>CCIAA 1544680<br \/><br \/>SDI R7O4GRX<\/p>\r\n<p><a href=\"mailto:info@pegason.it\">info@pegason.it<\/a><br \/><a href=\"mailto:pecpegaso@pec.it\">pecpegaso@pec.it<\/a><\/p>\r\n<p class=\"has-text-align-left\"><\/p>\r\n<\/div>\r\n\r\n\r\n\r\n<div class=\"wp-block-column is-layout-flow wp-block-column-is-layout-flow\">\r\n<p class=\"infoLocation\">\u00a0<\/p>\r\n<div class=\"divlocation\"><b>Sede Legale<\/b>: <br \/><a href=\"https:\/\/maps.google.com\/?q=Via Vincenzo Monti, 32 - 20123 Milano\" target=\"_blank\" rel=\"noopener\">Via Vincenzo Monti, 32 20123 Milano<\/a><\/div>\r\n<div class=\"divlocation\"><b>Sede Operativa<\/b>:<br \/><a href=\"https:\/\/maps.google.com\/?q=Via Cesare Battisti, 5, 20010 Canegrate MI\" target=\"_blank\" rel=\"noopener\">Via Cesare Battisti, 5 20039 Canegrate\u00a0(Mi)<\/a><\/div>\r\n<p>&nbsp;<\/p>\r\n<\/div>\r\n\r\n\r\n\r\n<div class=\"wp-block-column is-vertically-aligned-top is-layout-flow wp-block-column-is-layout-flow\">\r\n\r\n <style>\r\n.footer-social {\r\n    display: flex;\r\n    gap: 18px;\r\n    justify-content: center;\r\n    margin-top: 10px;\r\n}\r\n\r\n.footer-social a {\r\n    width: 38px;\r\n    height: 38px;\r\n    display: flex;\r\n    align-items: center;\r\n    justify-content: center;\r\n    border-radius: 50%;\r\n    background: #000;\r\n    transition: 0.3s ease;\r\n}\r\n\r\n.footer-social a:hover {\r\n    transform: translateY(-3px);\r\n    opacity: 0.85;\r\n}\r\n\r\n.footer-social svg {\r\n    width: 18px;\r\n    height: 18px;\r\n    fill: #fff;\r\n}\r\n<\/style>\r\n<div class=\"footer-social\"><!-- Facebook --> <!-- YouTube --> <!-- Instagram --><\/div>\r\n\r\n\r\n\r\n<p>&nbsp;<\/p>\r\n<\/div>\r\n<\/div>\r\n<\/div>\r\n<\/div>\r\n\r\n\r\n\r\n<div class=\"wp-block-group mycontainer ombra\"><div class=\"wp-block-group__inner-container is-layout-flow wp-block-group-is-layout-flow\">\r\n<h2 class=\"wp-block-heading\">LAMPADE CATTURA INSETTI<\/h2>\r\n\r\n\r\n\r\n<h2 class=\"wp-block-heading\">Ogni\u00a0problema con gli insetti \u00e8 risolto in modo elegante e sobrio con le nuove lampade a collante.<\/h2>\r\n\r\n\r\n\r\n<div class=\"wp-block-image\">\r\n<figure class=\"alignleft size-large is-resized\"><img loading=\"lazy\" decoding=\"async\" src=\"https:\/\/pulizieuffici.biz\/img\/insetocutor2.png\" alt=\"\" width=\"113\" height=\"113\" \/><\/figure>\r\n<\/div>\r\n\r\n\r\n\r\n<p>Trappole attrattive ad alimentazione elettrica utilizzano la luce UV\u00a0per attrarre gli insetti volanti all\u2019interno del dispositivo, in secondo luogo utilizzano una piastra collante per catturare l\u2019insetto che viene poi trattenuto, nel totale rispetto delle norme igieniche, dalla piastra collante stessa.<\/p>\r\n\r\n\r\n\r\n<p>Le trappole a luce UV a piastra collante sono particolarmente adatte in ambienti critici quali quelli dove vi \u00e8 lavorazione\/confezionamento di prodotti alimentari. Vuoi sapere qual&#8217;\u00e8 la migliore soluzione alle tue necessit\u00e0,\u00a0<a href=\"https:\/\/pulizieuffici.biz\/index.php\/preventivo\/modulopreventivo\">clicca qu\u00ec<\/a>\u00a0<\/p>\r\n\r\n\r\n\r\n<div class=\"wp-block-image\">\r\n<figure class=\"aligncenter size-large is-resized\"><img loading=\"lazy\" decoding=\"async\" src=\"https:\/\/pulizieuffici.biz\/img\/insectocutor1.png\" alt=\"\" width=\"225\" height=\"225\" \/><\/figure>\r\n<\/div>\r\n\r\n\r\n\r\n<h2 class=\"wp-block-heading\">ASCIUGAMANO A TAGLIO D&#8217;ARIA<\/h2>\r\n\r\n\r\n\r\n<p>La particolaratit\u00e0 di questo Asciugamani ad aria \u00e8 la velocit\u00e0 di rotazione del motore (29.000 giri\/min), il consumo massimo \u00e8 di 1.000Watt\/h contro 1.600\/2.000 dei competitori, ha una scocca interamente in acciaio, resistente agli acidi, ai colpi e ai graffitari.<\/p>\r\n\r\n\r\n\r\n<p>Tutta questa tecnologia permette un&#8217;asciugatura rapidissima (15 sec. massimo) e confortevole con un consumo elettrico quasi irrisorio.<\/p>\r\n\r\n\r\n\r\n<p>Ecco il\u00a0raffronto\u00a0analizzando le prestazioni del nuovo asciugatore ad aria<\/p>\r\n\r\n\r\n\r\n<figure class=\"wp-block-image size-large\"><img decoding=\"async\" src=\"https:\/\/pulizieuffici.biz\/img\/Asciugamaniaria.png\" alt=\"\" \/><\/figure>\r\n\r\n\r\n\r\n<h2 class=\"wp-block-heading\">DISINFEZIONE DELLE MANI<\/h2>\r\n\r\n\r\n\r\n<div class=\"wp-block-image\">\r\n<figure class=\"alignright size-large is-resized\"><img loading=\"lazy\" decoding=\"async\" src=\"https:\/\/pulizieuffici.biz\/img\/piantana.png\" alt=\"\" width=\"353\" height=\"471\" \/>\r\n<figcaption>PIANTANA DISINFETTANTE GEL MANI AUTOMATICA<\/figcaption>\r\n<\/figure>\r\n<\/div>\r\n\r\n\r\n\r\n<p>Come certamente avrai appreso dai notiziari in televisione e sul web, l\u2019allerta del virus in Cina sta preoccupando tutto il continente, anche se per il momento si parla\u00a0solo di \u00abemergenza locale\u00bb.<br \/>Nel nostro Paese il rischio segnalato \u00e8 di entit\u00e0 moderata, ma l\u2019allerta \u00e8 alta, in\u00a0considerazione anche del picco dell\u2019influenza, che solitamente ricorre in questa\u00a0stagione dell\u2019anno.<br \/><strong>Senza creare allarmismi<\/strong>, \u00e8 corretto assicurare a tutti un adeguato livello di\u00a0attenzione; \u00e8 bene in questi casi acquisire consapevolezza sulle corrette norme\u00a0igieniche fortemente raccomandate dalla Direzione Generale della Prevenzione\u00a0Sanitaria del Ministero della Salute.<\/p>\r\n\r\n\r\n\r\n<p>Quest\u2019ultima segnala che i\u00a0<strong>coronavirus<\/strong>\u00a0appartengono \u00aballa famiglia di virus noti per\u00a0causare malattie che vanno dal comune raffreddore a quelle pi\u00f9 gravi, come la\u00a0sindrome respiratoria mediorientale (MERS) e la sindrome respiratoria acuta grave (SARS)\u00a0\u00bb.<br \/>Nelle FAQ, inoltre, afferma che il\u00a0contagio pu\u00f2 essere trasmesso da persona a\u00a0persona, di solito dopo un contatto stretto con un paziente infetto o in ambiente\u00a0sanitario. Sono, infatti, gli operatori sanitari a correre il rischio maggiore perch\u00e9 in\u00a0<\/p>\r\n\r\n\r\n\r\n<p>costante relazione con i pazienti malati.\u00a0<\/p>\r\n\r\n\r\n\r\n<p>La prima delle raccomandazioni segnalata al fine di \u00abridurre l&#8217;esposizione e la\u00a0trasmissione delle malattie respiratorie \u00e8 il mantenimento dell&#8217;igiene delle mani\u00a0lavandole spesso con acqua e sapone o con soluzioni alcoliche \u00bb.\u00a0<br \/>In secondo luogo, l\u2019attenzione a \u00abstarnutire o tossire in un fazzoletto o con il gomito\u00a0flesso, utilizzare una mascherina e gettare i fazzoletti utilizzati in un cestino chiuso\u00a0(lavando le mani, immediatamente dopo l&#8217;uso)\u00bb<br \/>Per maggiori informazioni, consultare il sito<br \/><a href=\"http:\/\/www.salute.gov.it\/portale\/malattieInfettive\/dettaglioFaqMalattieInfettive.jsp?lingua%20italiano&amp;id%20=228\">Portale del Governo sulle malattie infettive<\/a><\/p>\r\n\r\n\r\n\r\n<figure class=\"wp-block-image size-large\"><img decoding=\"async\" src=\"https:\/\/pulizieuffici.biz\/img\/primaGel.png\" alt=\"\" \/><\/figure>\r\n<\/div><\/div>\r\n\r\n","protected":false},"excerpt":{"rendered":"<p>Pulizie civili e industriali dal 1997 Pegaso S.R.L Servizi professionali di pulizia, sanificazione, guardiania e gestione ambientale per aziende, uffici e spazi condivisi. Richiedi un preventivo Contatti NEWS CONGEDI PARENTALI Novit\u00e0 sui congedi parentali 2025-2026: aumento dell\u2019indennit\u00e0 all\u201980% per tre mesi, estensione fino ai 14 anni dal 2026 e nuove tutele per malattia del figlio, [&hellip;]<\/p>\n","protected":false},"author":1,"featured_media":0,"parent":0,"menu_order":0,"comment_status":"closed","ping_status":"closed","template":"","meta":{"footnotes":""},"class_list":["post-21","page","type-page","status-publish","hentry"],"yoast_head":"<!-- This site is optimized with the Yoast SEO plugin v17.9 - https:\/\/yoast.com\/wordpress\/plugins\/seo\/ -->\n<title>&#8902; Pegaso S.R.L<\/title>\n<meta name=\"robots\" content=\"index, follow, max-snippet:-1, max-image-preview:large, max-video-preview:-1\" \/>\n<link rel=\"canonical\" href=\"https:\/\/pulizieuffici.biz\/\" \/>\n<meta property=\"og:locale\" content=\"it_IT\" \/>\n<meta property=\"og:type\" content=\"article\" \/>\n<meta property=\"og:title\" content=\"&#8902; Pegaso S.R.L\" \/>\n<meta property=\"og:description\" content=\"Pulizie civili e industriali dal 1997 Pegaso S.R.L Servizi professionali di pulizia, sanificazione, guardiania e gestione ambientale per aziende, uffici e spazi condivisi. Richiedi un preventivo Contatti NEWS CONGEDI PARENTALI Novit\u00e0 sui congedi parentali 2025-2026: aumento dell\u2019indennit\u00e0 all\u201980% per tre mesi, estensione fino ai 14 anni dal 2026 e nuove tutele per malattia del figlio, [&hellip;]\" \/>\n<meta property=\"og:url\" content=\"https:\/\/pulizieuffici.biz\/\" \/>\n<meta property=\"og:site_name\" content=\"Pegaso S.R.L\" \/>\n<meta property=\"article:publisher\" content=\"https:\/\/www.facebook.com\/pegason.it\" \/>\n<meta property=\"article:modified_time\" content=\"2026-04-28T08:45:16+00:00\" \/>\n<meta property=\"og:image\" content=\"https:\/\/pulizieuffici.biz\/img\/congedi.png\" \/>\n<meta name=\"twitter:card\" content=\"summary_large_image\" \/>\n<meta name=\"twitter:label1\" content=\"Tempo di lettura stimato\" \/>\n\t<meta name=\"twitter:data1\" content=\"8 minuti\" \/>\n<script type=\"application\/ld+json\" class=\"yoast-schema-graph\">{\"@context\":\"https:\/\/schema.org\",\"@graph\":[{\"@type\":\"Organization\",\"@id\":\"https:\/\/pulizieuffici.biz\/#organization\",\"name\":\"Pegaso srl\",\"url\":\"https:\/\/pulizieuffici.biz\/\",\"sameAs\":[\"https:\/\/www.facebook.com\/pegason.it\"],\"logo\":{\"@type\":\"ImageObject\",\"@id\":\"https:\/\/pulizieuffici.biz\/#logo\",\"inLanguage\":\"it-IT\",\"url\":\"https:\/\/pulizieuffici.biz\/wp-content\/uploads\/2021\/08\/logo3.png\",\"contentUrl\":\"https:\/\/pulizieuffici.biz\/wp-content\/uploads\/2021\/08\/logo3.png\",\"width\":200,\"height\":200,\"caption\":\"Pegaso srl\"},\"image\":{\"@id\":\"https:\/\/pulizieuffici.biz\/#logo\"}},{\"@type\":\"WebSite\",\"@id\":\"https:\/\/pulizieuffici.biz\/#website\",\"url\":\"https:\/\/pulizieuffici.biz\/\",\"name\":\"Pegaso S.R.L\",\"description\":\"Il mito del pulito!\",\"publisher\":{\"@id\":\"https:\/\/pulizieuffici.biz\/#organization\"},\"potentialAction\":[{\"@type\":\"SearchAction\",\"target\":{\"@type\":\"EntryPoint\",\"urlTemplate\":\"https:\/\/pulizieuffici.biz\/?s={search_term_string}\"},\"query-input\":\"required name=search_term_string\"}],\"inLanguage\":\"it-IT\"},{\"@type\":\"ImageObject\",\"@id\":\"https:\/\/pulizieuffici.biz\/#primaryimage\",\"inLanguage\":\"it-IT\",\"url\":\"https:\/\/pulizieuffici.biz\/img\/congedi.png\",\"contentUrl\":\"https:\/\/pulizieuffici.biz\/img\/congedi.png\"},{\"@type\":\"WebPage\",\"@id\":\"https:\/\/pulizieuffici.biz\/#webpage\",\"url\":\"https:\/\/pulizieuffici.biz\/\",\"name\":\"&#8902; Pegaso S.R.L\",\"isPartOf\":{\"@id\":\"https:\/\/pulizieuffici.biz\/#website\"},\"primaryImageOfPage\":{\"@id\":\"https:\/\/pulizieuffici.biz\/#primaryimage\"},\"datePublished\":\"2021-06-14T13:17:05+00:00\",\"dateModified\":\"2026-04-28T08:45:16+00:00\",\"breadcrumb\":{\"@id\":\"https:\/\/pulizieuffici.biz\/#breadcrumb\"},\"inLanguage\":\"it-IT\",\"potentialAction\":[{\"@type\":\"ReadAction\",\"target\":[\"https:\/\/pulizieuffici.biz\/\"]}]},{\"@type\":\"BreadcrumbList\",\"@id\":\"https:\/\/pulizieuffici.biz\/#breadcrumb\",\"itemListElement\":[{\"@type\":\"ListItem\",\"position\":1,\"name\":\"Home\",\"item\":\"https:\/\/pulizieuffici.biz\/\"},{\"@type\":\"ListItem\",\"position\":2,\"name\":\"\"}]}]}<\/script>\n<!-- \/ Yoast SEO plugin. -->","yoast_head_json":{"title":"&#8902; Pegaso S.R.L","robots":{"index":"index","follow":"follow","max-snippet":"max-snippet:-1","max-image-preview":"max-image-preview:large","max-video-preview":"max-video-preview:-1"},"canonical":"https:\/\/pulizieuffici.biz\/","og_locale":"it_IT","og_type":"article","og_title":"&#8902; Pegaso S.R.L","og_description":"Pulizie civili e industriali dal 1997 Pegaso S.R.L Servizi professionali di pulizia, sanificazione, guardiania e gestione ambientale per aziende, uffici e spazi condivisi. Richiedi un preventivo Contatti NEWS CONGEDI PARENTALI Novit\u00e0 sui congedi parentali 2025-2026: aumento dell\u2019indennit\u00e0 all\u201980% per tre mesi, estensione fino ai 14 anni dal 2026 e nuove tutele per malattia del figlio, [&hellip;]","og_url":"https:\/\/pulizieuffici.biz\/","og_site_name":"Pegaso S.R.L","article_publisher":"https:\/\/www.facebook.com\/pegason.it","article_modified_time":"2026-04-28T08:45:16+00:00","og_image":[{"url":"https:\/\/pulizieuffici.biz\/img\/congedi.png"}],"twitter_card":"summary_large_image","twitter_misc":{"Tempo di lettura stimato":"8 minuti"},"schema":{"@context":"https:\/\/schema.org","@graph":[{"@type":"Organization","@id":"https:\/\/pulizieuffici.biz\/#organization","name":"Pegaso srl","url":"https:\/\/pulizieuffici.biz\/","sameAs":["https:\/\/www.facebook.com\/pegason.it"],"logo":{"@type":"ImageObject","@id":"https:\/\/pulizieuffici.biz\/#logo","inLanguage":"it-IT","url":"https:\/\/pulizieuffici.biz\/wp-content\/uploads\/2021\/08\/logo3.png","contentUrl":"https:\/\/pulizieuffici.biz\/wp-content\/uploads\/2021\/08\/logo3.png","width":200,"height":200,"caption":"Pegaso srl"},"image":{"@id":"https:\/\/pulizieuffici.biz\/#logo"}},{"@type":"WebSite","@id":"https:\/\/pulizieuffici.biz\/#website","url":"https:\/\/pulizieuffici.biz\/","name":"Pegaso S.R.L","description":"Il mito del pulito!","publisher":{"@id":"https:\/\/pulizieuffici.biz\/#organization"},"potentialAction":[{"@type":"SearchAction","target":{"@type":"EntryPoint","urlTemplate":"https:\/\/pulizieuffici.biz\/?s={search_term_string}"},"query-input":"required name=search_term_string"}],"inLanguage":"it-IT"},{"@type":"ImageObject","@id":"https:\/\/pulizieuffici.biz\/#primaryimage","inLanguage":"it-IT","url":"https:\/\/pulizieuffici.biz\/img\/congedi.png","contentUrl":"https:\/\/pulizieuffici.biz\/img\/congedi.png"},{"@type":"WebPage","@id":"https:\/\/pulizieuffici.biz\/#webpage","url":"https:\/\/pulizieuffici.biz\/","name":"&#8902; Pegaso S.R.L","isPartOf":{"@id":"https:\/\/pulizieuffici.biz\/#website"},"primaryImageOfPage":{"@id":"https:\/\/pulizieuffici.biz\/#primaryimage"},"datePublished":"2021-06-14T13:17:05+00:00","dateModified":"2026-04-28T08:45:16+00:00","breadcrumb":{"@id":"https:\/\/pulizieuffici.biz\/#breadcrumb"},"inLanguage":"it-IT","potentialAction":[{"@type":"ReadAction","target":["https:\/\/pulizieuffici.biz\/"]}]},{"@type":"BreadcrumbList","@id":"https:\/\/pulizieuffici.biz\/#breadcrumb","itemListElement":[{"@type":"ListItem","position":1,"name":"Home","item":"https:\/\/pulizieuffici.biz\/"},{"@type":"ListItem","position":2,"name":""}]}]}},"_links":{"self":[{"href":"https:\/\/pulizieuffici.biz\/index.php\/wp-json\/wp\/v2\/pages\/21","targetHints":{"allow":["GET"]}}],"collection":[{"href":"https:\/\/pulizieuffici.biz\/index.php\/wp-json\/wp\/v2\/pages"}],"about":[{"href":"https:\/\/pulizieuffici.biz\/index.php\/wp-json\/wp\/v2\/types\/page"}],"author":[{"embeddable":true,"href":"https:\/\/pulizieuffici.biz\/index.php\/wp-json\/wp\/v2\/users\/1"}],"replies":[{"embeddable":true,"href":"https:\/\/pulizieuffici.biz\/index.php\/wp-json\/wp\/v2\/comments?post=21"}],"version-history":[{"count":74,"href":"https:\/\/pulizieuffici.biz\/index.php\/wp-json\/wp\/v2\/pages\/21\/revisions"}],"predecessor-version":[{"id":1270,"href":"https:\/\/pulizieuffici.biz\/index.php\/wp-json\/wp\/v2\/pages\/21\/revisions\/1270"}],"wp:attachment":[{"href":"https:\/\/pulizieuffici.biz\/index.php\/wp-json\/wp\/v2\/media?parent=21"}],"curies":[{"name":"wp","href":"https:\/\/api.w.org\/{rel}","templated":true}]}}